{"id":4686,"date":"2024-07-08T10:30:00","date_gmt":"2024-07-08T08:30:00","guid":{"rendered":"http:\/\/naehatelier-haase.ch\/wp\/?page_id=4686"},"modified":"2024-07-08T11:57:39","modified_gmt":"2024-07-08T09:57:39","slug":"datenschutzerklaerung","status":"publish","type":"page","link":"https:\/\/naehatelier-haase.ch\/wp\/datenschutzerklaerung\/","title":{"rendered":"Datenschutzerkl\u00e4rung"},"content":{"rendered":"<p><span style=\"color: #000000;\"><strong><span style=\"font-size: 12pt;\">Datenschutzerkl\u00e4rung<\/span><\/strong><\/span><\/p>\n<p><span style=\"color: #000000;\"><strong><span style=\"font-size: 10pt;\">1. Datenschutz auf einen Blick<\/span><\/strong><\/span><\/p>\n<p><span style=\"font-size: 10pt; color: #000000;\">Allgemeine Hinweise<\/span><br \/>\n<span style=\"font-size: 10pt; color: #000000;\">Die folgenden Hinweise geben einen einfachen \u00dcberblick dar\u00fcber, was mit Ihren personenbezogenen Daten<\/span><br \/>\n<span style=\"font-size: 10pt; color: #000000;\">passiert, wenn Sie diese Website besuchen. Personenbezogene Daten sind alle Daten, mit denen Sie<\/span><br \/>\n<span style=\"font-size: 10pt; color: #000000;\">pers\u00f6nlich identifiziert werden k\u00f6nnen. Ausf\u00fchrliche Informationen zum Thema Datenschutz entnehmen<\/span><br \/>\n<span style=\"font-size: 10pt; color: #000000;\">Sie unserer unter diesem Text aufgef\u00fchrten Datenschutzerkl\u00e4rung.<\/span><\/p>\n<p>&nbsp;<\/p>\n<p><span style=\"font-size: 12pt; color: #000000;\"><strong>Datenerfassung auf dieser Website<\/strong><\/span><\/p>\n<p><span style=\"font-size: 10pt; color: #000000;\"><strong>Wer ist verantwortlich f\u00fcr die Datenerfassung auf dieser Website?<\/strong><\/span><\/p>\n<p><span style=\"font-size: 10pt; color: #000000;\">Die Datenverarbeitung auf dieser Website erfolgt durch den Websitebetreiber. Dessen Kontaktdaten<\/span><\/p>\n<p><span style=\"font-size: 10pt; color: #000000;\">k\u00f6nnen Sie dem Abschnitt \u201eHinweis zur Verantwortlichen Stelle\u201c in dieser Datenschutzerkl\u00e4rung entnehmen.<\/span><\/p>\n<p>&nbsp;<\/p>\n<p><span style=\"font-size: 10pt; color: #000000;\"><strong>Wie erfassen wir Ihre Daten?<\/strong><\/span><\/p>\n<p><span style=\"font-size: 10pt; color: #000000;\">Ihre Daten werden zum einen dadurch erhoben, dass Sie uns diese mitteilen. Hierbei kann es sich z. B. um<\/span><\/p>\n<p><span style=\"font-size: 10pt; color: #000000;\">Daten handeln, die Sie in ein Kontaktformular eingeben.<\/span><\/p>\n<p><span style=\"font-size: 10pt; color: #000000;\">Andere Daten werden automatisch oder nach Ihrer Einwilligung beim Besuch der Website durch unsere ITSysteme<\/span><\/p>\n<p><span style=\"font-size: 10pt; color: #000000;\">erfasst. Das sind vor allem technische Daten (z. B. Internetbrowser, Betriebssystem oder Uhrzeit<\/span><\/p>\n<p><span style=\"font-size: 10pt; color: #000000;\">des Seitenaufrufs). Die Erfassung dieser Daten erfolgt automatisch, sobald Sie diese Website betreten.<\/span><\/p>\n<p>&nbsp;<\/p>\n<p><span style=\"font-size: 10pt; color: #000000;\"><strong>Wof\u00fcr nutzen wir Ihre Daten?<\/strong><\/span><\/p>\n<p><span style=\"font-size: 10pt; color: #000000;\">Ein Teil der Daten wird erhoben, um eine fehlerfreie Bereitstellung der Website zu gew\u00e4hrleisten. Andere<\/span><\/p>\n<p><span style=\"font-size: 10pt; color: #000000;\">Daten k\u00f6nnen zur Analyse Ihres Nutzerverhaltens verwendet werden.<\/span><\/p>\n<p>&nbsp;<\/p>\n<p><span style=\"font-size: 10pt; color: #000000;\"><strong>Welche Rechte haben Sie bez\u00fcglich Ihrer Daten?<\/strong><\/span><\/p>\n<p><span style=\"font-size: 10pt; color: #000000;\">Sie haben jederzeit das Recht, unentgeltlich Auskunft \u00fcber Herkunft, Empf\u00e4nger und Zweck Ihrer<\/span><\/p>\n<p><span style=\"font-size: 10pt; color: #000000;\">gespeicherten personenbezogenen Daten zu erhalten. Sie haben au\u00dferdem ein Recht, die Berichtigung oder<\/span><\/p>\n<p><span style=\"font-size: 10pt; color: #000000;\">L\u00f6schung dieser Daten zu verlangen. Wenn Sie eine Einwilligung zur Datenverarbeitung erteilt haben,<\/span><\/p>\n<p><span style=\"font-size: 10pt; color: #000000;\">k\u00f6nnen Sie diese Einwilligung jederzeit f\u00fcr die Zukunft widerrufen. Au\u00dferdem haben Sie das Recht, unter<\/span><\/p>\n<p><span style=\"font-size: 10pt; color: #000000;\">bestimmten Umst\u00e4nden die Einschr\u00e4nkung der Verarbeitung Ihrer personenbezogenen Daten zu verlangen.<\/span><\/p>\n<p><span style=\"font-size: 10pt; color: #000000;\">Des Weiteren steht Ihnen ein Beschwerderecht bei der zust\u00e4ndigen Aufsichtsbeh\u00f6rde zu.<\/span><\/p>\n<p><span style=\"font-size: 10pt; color: #000000;\">Hierzu sowie zu weiteren Fragen zum Thema Datenschutz k\u00f6nnen Sie sich jederzeit an uns wenden.<\/span><\/p>\n<p>&nbsp;<\/p>\n<p><span style=\"font-size: 10pt; color: #000000;\"><strong>Analyse-Tools und Tools von Drittanbietern<\/strong><\/span><\/p>\n<p><span style=\"font-size: 10pt; color: #000000;\">Beim Besuch dieser Website kann Ihr Surf-Verhalten statistisch ausgewertet werden. Das geschieht vor<\/span><\/p>\n<p><span style=\"font-size: 10pt; color: #000000;\">allem mit sogenannten Analyseprogrammen.<\/span><\/p>\n<p><span style=\"font-size: 10pt; color: #000000;\">Detaillierte Informationen zu diesen Analyseprogrammen finden Sie in der folgenden<\/span><\/p>\n<p><span style=\"font-size: 10pt; color: #000000;\">Datenschutzerkl\u00e4rung.<\/span><\/p>\n<p>&nbsp;<\/p>\n<p><strong style=\"color: #000000; font-size: 10pt;\">2. Hosting<\/strong><\/p>\n<p><span style=\"font-size: 10pt; color: #000000;\">Wir hosten die Inhalte unserer Website bei folgendem Anbieter: Kreativmedia<\/span><\/p>\n<p>&nbsp;<\/p>\n<p><span style=\"font-size: 10pt; color: #000000;\"><strong>Externes Hosting<\/strong><\/span><\/p>\n<p><span style=\"font-size: 10pt; color: #000000;\">Diese Website wird extern gehostet. Die personenbezogenen Daten, die auf dieser Website erfasst werden,<\/span><\/p>\n<p><span style=\"font-size: 10pt; color: #000000;\">werden auf den Servern des Hosters \/ der Hoster gespeichert. Hierbei kann es sich v. a. um IP-Adressen,<\/span><\/p>\n<p><span style=\"font-size: 10pt; color: #000000;\">Kontaktanfragen, Meta- und Kommunikationsdaten, Vertragsdaten, Kontaktdaten, Namen, Websitezugriffe<\/span><\/p>\n<p><span style=\"font-size: 10pt; color: #000000;\">und sonstige Daten, die \u00fcber eine Website generiert werden, handeln.<\/span><\/p>\n<p><span style=\"font-size: 10pt; color: #000000;\">Das externe Hosting erfolgt zum Zwecke der Vertragserf\u00fcllung gegen\u00fcber unseren potenziellen und<\/span><\/p>\n<p><span style=\"font-size: 10pt; color: #000000;\">bestehenden Kunden (Art. 6 Abs. 1 lit. b DSGVO) und im Interesse einer sicheren, schnellen und effizienten<\/span><\/p>\n<p><span style=\"font-size: 10pt; color: #000000;\">Bereitstellung unseres Online-Angebots durch einen professionellen Anbieter (Art. 6 Abs. 1 lit. f DSGVO).<\/span><\/p>\n<p><span style=\"font-size: 10pt; color: #000000;\">Sofern eine entsprechende Einwilligung abgefragt wurde, erfolgt die Verarbeitung ausschlie\u00dflich auf<\/span><\/p>\n<p><span style=\"font-size: 10pt; color: #000000;\">Grundlage von Art. 6 Abs. 1 lit. a DSGVO und \u00a7 25 Abs. 1 TDDDG, soweit die Einwilligung die Speicherung<\/span><\/p>\n<p><span style=\"font-size: 10pt; color: #000000;\">von Cookies oder den Zugriff auf Informationen im Endger\u00e4t des Nutzers (z. B. Device-Fingerprinting) im<\/span><\/p>\n<p><span style=\"font-size: 10pt; color: #000000;\">Sinne des TDDDG umfasst. Die Einwilligung ist jederzeit widerrufbar.<\/span><\/p>\n<p><span style=\"font-size: 10pt; color: #000000;\">Unser(e) Hoster wird bzw. werden Ihre Daten nur insoweit verarbeiten, wie dies zur Erf\u00fcllung seiner<\/span><\/p>\n<p><span style=\"font-size: 10pt; color: #000000;\">Leistungspflichten erforderlich ist und unsere Weisungen in Bezug auf diese Daten befolgen.<\/span><\/p>\n<p><span style=\"font-size: 10pt; color: #000000;\">Wir setzen folgende(n) Hoster ein:<\/span><\/p>\n<p><span style=\"font-size: 10pt; color: #000000;\">Kreativmedia<\/span><\/p>\n<p>&nbsp;<\/p>\n<p><span style=\"font-size: 10pt; color: #000000;\"><strong>3. Allgemeine Hinweise und Pflichtinformationen <\/strong><\/span><span style=\"font-size: 10pt; color: #000000;\"><strong>Datenschutz<\/strong><\/span><\/p>\n<p><span style=\"font-size: 10pt; color: #000000;\">Die Betreiber dieser Seiten nehmen den Schutz Ihrer pers\u00f6nlichen Daten sehr ernst. Wir behandeln Ihre<\/span><\/p>\n<p><span style=\"font-size: 10pt; color: #000000;\">personenbezogenen Daten vertraulich und entsprechend den gesetzlichen Datenschutzvorschriften sowie<\/span><\/p>\n<p><span style=\"font-size: 10pt; color: #000000;\">dieser Datenschutzerkl\u00e4rung.<\/span><\/p>\n<p><span style=\"font-size: 10pt; color: #000000;\">Wenn Sie diese Website benutzen, werden verschiedene personenbezogene Daten erhoben.<\/span><\/p>\n<p><span style=\"font-size: 10pt; color: #000000;\">Personenbezogene Daten sind Daten, mit denen Sie pers\u00f6nlich identifiziert werden k\u00f6nnen. Die vorliegende<\/span><\/p>\n<p><span style=\"font-size: 10pt; color: #000000;\">Datenschutzerkl\u00e4rung erl\u00e4utert, welche Daten wir erheben und wof\u00fcr wir sie nutzen. Sie erl\u00e4utert auch, wie<\/span><\/p>\n<p><span style=\"font-size: 10pt; color: #000000;\">und zu welchem Zweck das geschieht.<\/span><\/p>\n<p><span style=\"font-size: 10pt; color: #000000;\">Wir weisen darauf hin, dass die Daten\u00fcbertragung im Internet (z. B. bei der Kommunikation per E-Mail)<\/span><\/p>\n<p><span style=\"font-size: 10pt; color: #000000;\">Sicherheitsl\u00fccken aufweisen kann. Ein l\u00fcckenloser Schutz der Daten vor dem Zugriff durch Dritte ist nicht<\/span><\/p>\n<p><span style=\"font-size: 10pt; color: #000000;\">m\u00f6glich.<\/span><\/p>\n<p>&nbsp;<\/p>\n<p><span style=\"font-size: 10pt; color: #000000;\"><strong>Hinweis zur verantwortlichen Stelle<\/strong><\/span><\/p>\n<p><span style=\"font-size: 10pt; color: #000000;\">Die verantwortliche Stelle f\u00fcr die Datenverarbeitung auf dieser Website ist:<\/span><\/p>\n<p><span style=\"font-size: 10pt; color: #000000;\">N\u00e4hatelier Haase GmbH<\/span><\/p>\n<p><span style=\"font-size: 10pt; color: #000000;\">Hofmattweg 4<\/span><\/p>\n<p><span style=\"font-size: 10pt; color: #000000;\">6010 Kriens<\/span><\/p>\n<p><span style=\"font-size: 10pt; color: #000000;\">Telefon: +41 41 320 61 44<\/span><\/p>\n<p><span style=\"font-size: 10pt; color: #000000;\">E-Mail: info@naehatelier-haase.ch<\/span><\/p>\n<p><span style=\"font-size: 10pt; color: #000000;\">Verantwortliche Stelle ist die nat\u00fcrliche oder juristische Person, die allein oder gemeinsam mit anderen \u00fcber<\/span><\/p>\n<p><span style=\"font-size: 10pt; color: #000000;\">die Zwecke und Mittel der Verarbeitung von personenbezogenen Daten (z. B. Namen, E-Mail-Adressen o. \u00c4.)<\/span><\/p>\n<p><span style=\"font-size: 10pt; color: #000000;\">entscheidet.<\/span><\/p>\n<p>&nbsp;<\/p>\n<p><span style=\"font-size: 10pt; color: #000000;\"><strong>Speicherdauer<\/strong><\/span><\/p>\n<p><span style=\"font-size: 10pt; color: #000000;\">Soweit innerhalb dieser Datenschutzerkl\u00e4rung keine speziellere Speicherdauer genannt wurde, verbleiben<\/span><\/p>\n<p><span style=\"font-size: 10pt; color: #000000;\">Ihre personenbezogenen Daten bei uns, bis der Zweck f\u00fcr die Datenverarbeitung entf\u00e4llt. Wenn Sie ein<\/span><\/p>\n<p><span style=\"font-size: 10pt; color: #000000;\">berechtigtes L\u00f6schersuchen geltend machen oder eine Einwilligung zur Datenverarbeitung widerrufen,<\/span><\/p>\n<p><span style=\"font-size: 10pt; color: #000000;\">werden Ihre Daten gel\u00f6scht, sofern wir keine anderen rechtlich zul\u00e4ssigen Gr\u00fcnde f\u00fcr die Speicherung Ihrer<\/span><\/p>\n<p><span style=\"font-size: 10pt; color: #000000;\">personenbezogenen Daten haben (z. B. steuer- oder handelsrechtliche Aufbewahrungsfristen); im<\/span><\/p>\n<p><span style=\"font-size: 10pt; color: #000000;\">letztgenannten Fall erfolgt die L\u00f6schung nach Fortfall dieser Gr\u00fcnde.<\/span><\/p>\n<p>&nbsp;<\/p>\n<p><span style=\"font-size: 10pt; color: #000000;\"><strong>Allgemeine Hinweise zu den Rechtsgrundlagen der Datenverarbeitung auf dieser <\/strong><\/span><span style=\"font-size: 10pt; color: #000000;\"><strong>Website<\/strong><\/span><\/p>\n<p><span style=\"font-size: 10pt; color: #000000;\">Sofern Sie in die Datenverarbeitung eingewilligt haben, verarbeiten wir Ihre personenbezogenen Daten auf<\/span><\/p>\n<p><span style=\"font-size: 10pt; color: #000000;\">Grundlage von Art. 6 Abs. 1 lit. a DSGVO bzw. Art. 9 Abs. 2 lit. a DSGVO, sofern besondere Datenkategorien<\/span><\/p>\n<p><span style=\"font-size: 10pt; color: #000000;\">nach Art. 9 Abs. 1 DSGVO verarbeitet werden. Im Falle einer ausdr\u00fccklichen Einwilligung in die \u00dcbertragung<\/span><\/p>\n<p><span style=\"font-size: 10pt; color: #000000;\">personenbezogener Daten in Drittstaaten erfolgt die Datenverarbeitung au\u00dferdem auf Grundlage von Art.<\/span><\/p>\n<p><span style=\"font-size: 10pt; color: #000000;\">49 Abs. 1 lit. a DSGVO. Sofern Sie in die Speicherung von Cookies oder in den Zugriff auf Informationen in<\/span><\/p>\n<p><span style=\"font-size: 10pt; color: #000000;\">Ihr Endger\u00e4t (z. B. via Device-Fingerprinting) eingewilligt haben, erfolgt die Datenverarbeitung zus\u00e4tzlich<\/span><\/p>\n<p><span style=\"font-size: 10pt; color: #000000;\">auf Grundlage von \u00a7 25 Abs. 1 TDDDG. Die Einwilligung ist jederzeit widerrufbar. Sind Ihre Daten zur<\/span><\/p>\n<p><span style=\"font-size: 10pt; color: #000000;\">Vertragserf\u00fcllung oder zur Durchf\u00fchrung vorvertraglicher Ma\u00dfnahmen erforderlich, verarbeiten wir Ihre<\/span><\/p>\n<p><span style=\"font-size: 10pt; color: #000000;\">Daten auf Grundlage des Art. 6 Abs. 1 lit. b DSGVO. Des Weiteren verarbeiten wir Ihre Daten, sofern diese<\/span><\/p>\n<p><span style=\"font-size: 10pt; color: #000000;\">zur Erf\u00fcllung einer rechtlichen Verpflichtung erforderlich sind auf Grundlage von Art. 6 Abs. 1 lit. c DSGVO.<\/span><\/p>\n<p><span style=\"font-size: 10pt; color: #000000;\">Die Datenverarbeitung kann ferner auf Grundlage unseres berechtigten Interesses nach Art. 6 Abs. 1 lit. f<\/span><\/p>\n<p><span style=\"font-size: 10pt; color: #000000;\">DSGVO erfolgen. \u00dcber die jeweils im Einzelfall einschl\u00e4gigen Rechtsgrundlagen wird in den folgenden<\/span><\/p>\n<p><span style=\"font-size: 10pt; color: #000000;\">Abs\u00e4tzen dieser Datenschutzerkl\u00e4rung informiert.<\/span><\/p>\n<p>&nbsp;<\/p>\n<p><span style=\"font-size: 10pt; color: #000000;\"><strong>Empf\u00e4nger von personenbezogenen Daten<\/strong><\/span><\/p>\n<p><span style=\"font-size: 10pt; color: #000000;\">Im Rahmen unserer Gesch\u00e4ftst\u00e4tigkeit arbeiten wir mit verschiedenen externen Stellen zusammen. Dabei<\/span><\/p>\n<p><span style=\"font-size: 10pt; color: #000000;\">ist teilweise auch eine \u00dcbermittlung von personenbezogenen Daten an diese externen Stellen erforderlich.<\/span><\/p>\n<p><span style=\"font-size: 10pt; color: #000000;\">Wir geben personenbezogene Daten nur dann an externe Stellen weiter, wenn dies im Rahmen einer<\/span><\/p>\n<p><span style=\"font-size: 10pt; color: #000000;\">Vertragserf\u00fcllung erforderlich ist, wenn wir gesetzlich hierzu verpflichtet sind (z. B. Weitergabe von Daten<\/span><\/p>\n<p><span style=\"font-size: 10pt; color: #000000;\">an Steuerbeh\u00f6rden), wenn wir ein berechtigtes Interesse nach Art. 6 Abs. 1 lit. f DSGVO an der Weitergabe<\/span><\/p>\n<p><span style=\"font-size: 10pt; color: #000000;\">haben oder wenn eine sonstige Rechtsgrundlage die Datenweitergabe erlaubt. Beim Einsatz von<\/span><\/p>\n<p><span style=\"font-size: 10pt; color: #000000;\">Auftragsverarbeitern geben wir personenbezogene Daten unserer Kunden nur auf Grundlage eines g\u00fcltigen<\/span><\/p>\n<p><span style=\"font-size: 10pt; color: #000000;\">Vertrags \u00fcber Auftragsverarbeitung weiter. Im Falle einer gemeinsamen Verarbeitung wird ein Vertrag \u00fcber<\/span><\/p>\n<p><span style=\"font-size: 10pt; color: #000000;\">gemeinsame Verarbeitung geschlossen.<\/span><\/p>\n<p>&nbsp;<\/p>\n<p><span style=\"font-size: 10pt; color: #000000;\"><strong>Widerruf Ihrer Einwilligung zur Datenverarbeitung<\/strong><\/span><\/p>\n<p><span style=\"font-size: 10pt; color: #000000;\">Viele Datenverarbeitungsvorg\u00e4nge sind nur mit Ihrer ausdr\u00fccklichen Einwilligung m\u00f6glich. Sie k\u00f6nnen eine<\/span><\/p>\n<p><span style=\"font-size: 10pt; color: #000000;\">bereits erteilte Einwilligung jederzeit widerrufen. Die Rechtm\u00e4\u00dfigkeit der bis zum Widerruf erfolgten<\/span><\/p>\n<p><span style=\"font-size: 10pt; color: #000000;\">Datenverarbeitung bleibt vom Widerruf unber\u00fchrt.<\/span><\/p>\n<p>&nbsp;<\/p>\n<p><span style=\"font-size: 10pt; color: #000000;\"><strong>Widerspruchsrecht gegen die Datenerhebung in besonderen F\u00e4llen sowie gegen<\/strong><\/span><\/p>\n<p><span style=\"font-size: 10pt; color: #000000;\"><strong>Direktwerbung (Art. 21 DSGVO)<\/strong><\/span><\/p>\n<p><span style=\"font-size: 10pt; color: #000000;\">WENN DIE DATENVERARBEITUNG AUF GRUNDLAGE VON ART. 6 ABS. 1 LIT. E ODER F DSGVO<\/span><\/p>\n<p><span style=\"font-size: 10pt; color: #000000;\">ERFOLGT, HABEN SIE JEDERZEIT DAS RECHT, AUS GR\u00dcNDEN, DIE SICH AUS IHRER BESONDEREN<\/span><\/p>\n<p><span style=\"font-size: 10pt; color: #000000;\">SITUATION ERGEBEN, GEGEN DIE VERARBEITUNG IHRER PERSONENBEZOGENEN DATEN<\/span><\/p>\n<p><span style=\"font-size: 10pt; color: #000000;\">WIDERSPRUCH EINZULEGEN; DIES GILT AUCH F\u00dcR EIN AUF DIESE BESTIMMUNGEN GEST\u00dcTZTES<\/span><\/p>\n<p><span style=\"font-size: 10pt; color: #000000;\">PROFILING. DIE JEWEILIGE RECHTSGRUNDLAGE, AUF DENEN EINE VERARBEITUNG BERUHT,<\/span><\/p>\n<p><span style=\"font-size: 10pt; color: #000000;\">ENTNEHMEN SIE DIESER DATENSCHUTZERKL\u00c4RUNG. WENN SIE WIDERSPRUCH EINLEGEN,<\/span><\/p>\n<p><span style=\"font-size: 10pt; color: #000000;\">WERDEN WIR IHRE BETROFFENEN PERSONENBEZOGENEN DATEN NICHT MEHR VERARBEITEN, ES<\/span><\/p>\n<p><span style=\"font-size: 10pt; color: #000000;\">SEI DENN, WIR K\u00d6NNEN ZWINGENDE SCHUTZW\u00dcRDIGE GR\u00dcNDE F\u00dcR DIE VERARBEITUNG<\/span><\/p>\n<p><span style=\"font-size: 10pt; color: #000000;\">NACHWEISEN, DIE IHRE INTERESSEN, RECHTE UND FREIHEITEN \u00dcBERWIEGEN ODER DIE<\/span><\/p>\n<p><span style=\"font-size: 10pt; color: #000000;\">VERARBEITUNG DIENT DER GELTENDMACHUNG, AUS\u00dcBUNG ODER VERTEIDIGUNG VON<\/span><\/p>\n<p><span style=\"font-size: 10pt; color: #000000;\">RECHTSANSPR\u00dcCHEN (WIDERSPRUCH NACH ART. 21 ABS. 1 DSGVO).<\/span><\/p>\n<p><span style=\"font-size: 10pt; color: #000000;\">WERDEN IHRE PERSONENBEZOGENEN DATEN VERARBEITET, UM DIREKTWERBUNG ZU BETREIBEN,<\/span><\/p>\n<p><span style=\"font-size: 10pt; color: #000000;\">SO HABEN SIE DAS RECHT, JEDERZEIT WIDERSPRUCH GEGEN DIE VERARBEITUNG SIE<\/span><\/p>\n<p><span style=\"font-size: 10pt; color: #000000;\">BETREFFENDER PERSONENBEZOGENER DATEN ZUM ZWECKE DERARTIGER WERBUNG<\/span><\/p>\n<p><span style=\"font-size: 10pt; color: #000000;\">EINZULEGEN; DIES GILT AUCH F\u00dcR DAS PROFILING, SOWEIT ES MIT SOLCHER DIREKTWERBUNG IN<\/span><\/p>\n<p><span style=\"font-size: 10pt; color: #000000;\">VERBINDUNG STEHT. WENN SIE WIDERSPRECHEN, WERDEN IHRE PERSONENBEZOGENEN DATEN<\/span><\/p>\n<p><span style=\"font-size: 10pt; color: #000000;\">5 \/ 12<\/span><\/p>\n<p><span style=\"font-size: 10pt; color: #000000;\">ANSCHLIESSEND NICHT MEHR ZUM ZWECKE DER DIREKTWERBUNG VERWENDET (WIDERSPRUCH<\/span><\/p>\n<p><span style=\"font-size: 10pt; color: #000000;\">NACH ART. 21 ABS. 2 DSGVO).<\/span><\/p>\n<p>&nbsp;<\/p>\n<p><span style=\"font-size: 10pt; color: #000000;\"><strong>Beschwerderecht bei der zust\u00e4ndigen Aufsichtsbeh\u00f6rde<\/strong><\/span><\/p>\n<p><span style=\"font-size: 10pt; color: #000000;\">Im Falle von Verst\u00f6\u00dfen gegen die DSGVO steht den Betroffenen ein Beschwerderecht bei einer<\/span><\/p>\n<p><span style=\"font-size: 10pt; color: #000000;\">Aufsichtsbeh\u00f6rde, insbesondere in dem Mitgliedstaat ihres gew\u00f6hnlichen Aufenthalts, ihres Arbeitsplatzes<\/span><\/p>\n<p><span style=\"font-size: 10pt; color: #000000;\">oder des Orts des mutma\u00dflichen Versto\u00dfes zu. Das Beschwerderecht besteht unbeschadet anderweitiger<\/span><\/p>\n<p><span style=\"font-size: 10pt; color: #000000;\">verwaltungsrechtlicher oder gerichtlicher Rechtsbehelfe.<\/span><\/p>\n<p>&nbsp;<\/p>\n<p><span style=\"font-size: 10pt; color: #000000;\"><strong>Recht auf Daten\u00fcbertragbarkeit<\/strong><\/span><\/p>\n<p><span style=\"font-size: 10pt; color: #000000;\">Sie haben das Recht, Daten, die wir auf Grundlage Ihrer Einwilligung oder in Erf\u00fcllung eines Vertrags<\/span><\/p>\n<p><span style=\"font-size: 10pt; color: #000000;\">automatisiert verarbeiten, an sich oder an einen Dritten in einem g\u00e4ngigen, maschinenlesbaren Format<\/span><\/p>\n<p><span style=\"font-size: 10pt; color: #000000;\">aush\u00e4ndigen zu lassen. Sofern Sie die direkte \u00dcbertragung der Daten an einen anderen Verantwortlichen<\/span><\/p>\n<p><span style=\"font-size: 10pt; color: #000000;\">verlangen, erfolgt dies nur, soweit es technisch machbar ist.<\/span><\/p>\n<p>&nbsp;<\/p>\n<p><span style=\"font-size: 10pt; color: #000000;\"><strong>Auskunft, Berichtigung und L\u00f6schung<\/strong><\/span><\/p>\n<p><span style=\"font-size: 10pt; color: #000000;\">Sie haben im Rahmen der geltenden gesetzlichen Bestimmungen jederzeit das Recht auf unentgeltliche<\/span><\/p>\n<p><span style=\"font-size: 10pt; color: #000000;\">Auskunft \u00fcber Ihre gespeicherten personenbezogenen Daten, deren Herkunft und Empf\u00e4nger und den<\/span><\/p>\n<p><span style=\"font-size: 10pt; color: #000000;\">Zweck der Datenverarbeitung und ggf. ein Recht auf Berichtigung oder L\u00f6schung dieser Daten. Hierzu sowie<\/span><\/p>\n<p><span style=\"font-size: 10pt; color: #000000;\">zu weiteren Fragen zum Thema personenbezogene Daten k\u00f6nnen Sie sich jederzeit an uns wenden.<\/span><\/p>\n<p>&nbsp;<\/p>\n<p><span style=\"font-size: 10pt; color: #000000;\"><strong>Recht auf Einschr\u00e4nkung der Verarbeitung<\/strong><\/span><\/p>\n<p><span style=\"font-size: 10pt; color: #000000;\">Sie haben das Recht, die Einschr\u00e4nkung der Verarbeitung Ihrer personenbezogenen Daten zu verlangen.<\/span><\/p>\n<p><span style=\"font-size: 10pt; color: #000000;\">Hierzu k\u00f6nnen Sie sich jederzeit an uns wenden. Das Recht auf Einschr\u00e4nkung der Verarbeitung besteht in<\/span><\/p>\n<p><span style=\"font-size: 10pt; color: #000000;\">folgenden F\u00e4llen:<\/span><\/p>\n<p><span style=\"font-size: 10pt; color: #000000;\">Wenn Sie die Richtigkeit Ihrer bei uns gespeicherten personenbezogenen Daten bestreiten, ben\u00f6tigen wir<\/span><\/p>\n<p><span style=\"font-size: 10pt; color: #000000;\">in der Regel Zeit, um dies zu \u00fcberpr\u00fcfen. F\u00fcr die Dauer der Pr\u00fcfung haben Sie das Recht, die<\/span><\/p>\n<p><span style=\"font-size: 10pt; color: #000000;\">Einschr\u00e4nkung der Verarbeitung Ihrer personenbezogenen Daten zu verlangen.<\/span><\/p>\n<p><span style=\"font-size: 10pt; color: #000000;\">Wenn die Verarbeitung Ihrer personenbezogenen Daten unrechtm\u00e4\u00dfig geschah\/geschieht, k\u00f6nnen Sie<\/span><\/p>\n<p><span style=\"font-size: 10pt; color: #000000;\">statt der L\u00f6schung die Einschr\u00e4nkung der Datenverarbeitung verlangen.<\/span><\/p>\n<p><span style=\"font-size: 10pt; color: #000000;\">Wenn wir Ihre personenbezogenen Daten nicht mehr ben\u00f6tigen, Sie sie jedoch zur Aus\u00fcbung,<\/span><\/p>\n<p><span style=\"font-size: 10pt; color: #000000;\">Verteidigung oder Geltendmachung von Rechtsanspr\u00fcchen ben\u00f6tigen, haben Sie das Recht, statt der<\/span><\/p>\n<p><span style=\"font-size: 10pt; color: #000000;\">L\u00f6schung die Einschr\u00e4nkung der Verarbeitung Ihrer personenbezogenen Daten zu verlangen.<\/span><\/p>\n<p><span style=\"font-size: 10pt; color: #000000;\">Wenn Sie einen Widerspruch nach Art. 21 Abs. 1 DSGVO eingelegt haben, muss eine Abw\u00e4gung zwischen<\/span><\/p>\n<p><span style=\"font-size: 10pt; color: #000000;\">Ihren und unseren Interessen vorgenommen werden. Solange noch nicht feststeht, wessen Interessen<\/span><\/p>\n<p><span style=\"font-size: 10pt; color: #000000;\">\u00fcberwiegen, haben Sie das Recht, die Einschr\u00e4nkung der Verarbeitung Ihrer personenbezogenen Daten<\/span><\/p>\n<p><span style=\"font-size: 10pt; color: #000000;\">zu verlangen.<\/span><\/p>\n<p><span style=\"font-size: 10pt; color: #000000;\">Wenn Sie die Verarbeitung Ihrer personenbezogenen Daten eingeschr\u00e4nkt haben, d\u00fcrfen diese Daten \u2013 von<\/span><\/p>\n<p><span style=\"font-size: 10pt; color: #000000;\">ihrer Speicherung abgesehen \u2013 nur mit Ihrer Einwilligung oder zur Geltendmachung, Aus\u00fcbung oder<\/span><\/p>\n<p><span style=\"font-size: 10pt; color: #000000;\">Verteidigung von Rechtsanspr\u00fcchen oder zum Schutz der Rechte einer anderen nat\u00fcrlichen oder<\/span><\/p>\n<p><span style=\"font-size: 10pt; color: #000000;\">juristischen Person oder aus Gr\u00fcnden eines wichtigen \u00f6ffentlichen Interesses der Europ\u00e4ischen Union oder<\/span><\/p>\n<p><span style=\"font-size: 10pt; color: #000000;\">eines Mitgliedstaats verarbeitet werden.<\/span><\/p>\n<p>&nbsp;<\/p>\n<p><span style=\"font-size: 10pt; color: #000000;\"><strong>SSL- bzw. TLS-Verschl\u00fcsselung<\/strong><\/span><\/p>\n<p><span style=\"font-size: 10pt; color: #000000;\">Diese Seite nutzt aus Sicherheitsgr\u00fcnden und zum Schutz der \u00dcbertragung vertraulicher Inhalte, wie zum<\/span><\/p>\n<p><span style=\"font-size: 10pt; color: #000000;\">Beispiel Bestellungen oder Anfragen, die Sie an uns als Seitenbetreiber senden, eine SSL- bzw. TLSVerschl\u00fcsselung.<\/span><\/p>\n<p><span style=\"font-size: 10pt; color: #000000;\">Eine verschl\u00fcsselte Verbindung erkennen Sie daran, dass die Adresszeile des Browsers von<\/span><\/p>\n<p><span style=\"font-size: 10pt; color: #000000;\">\u201ehttp:\/\/\u201c auf \u201ehttps:\/\/\u201c wechselt und an dem Schloss-Symbol in Ihrer Browserzeile.<\/span><\/p>\n<p><span style=\"font-size: 10pt; color: #000000;\">Wenn die SSL- bzw. TLS-Verschl\u00fcsselung aktiviert ist, k\u00f6nnen die Daten, die Sie an uns \u00fcbermitteln, nicht<\/span><\/p>\n<p><span style=\"font-size: 10pt; color: #000000;\">von Dritten mitgelesen werden.<\/span><\/p>\n<p>&nbsp;<\/p>\n<p><span style=\"font-size: 10pt; color: #000000;\"><strong>Widerspruch gegen Werbe-E-Mails<\/strong><\/span><\/p>\n<p><span style=\"font-size: 10pt; color: #000000;\">Der Nutzung von im Rahmen der Impressumspflicht ver\u00f6ffentlichten Kontaktdaten zur \u00dcbersendung von<\/span><\/p>\n<p><span style=\"font-size: 10pt; color: #000000;\">nicht ausdr\u00fccklich angeforderter Werbung und Informationsmaterialien wird hiermit widersprochen. Die<\/span><\/p>\n<p><span style=\"font-size: 10pt; color: #000000;\">Betreiber der Seiten behalten sich ausdr\u00fccklich rechtliche Schritte im Falle der unverlangten Zusendung von<\/span><\/p>\n<p><span style=\"font-size: 10pt; color: #000000;\">Werbeinformationen, etwa durch Spam-E-Mails, vor.<\/span><\/p>\n<p>&nbsp;<\/p>\n<p><span style=\"font-size: 10pt; color: #000000;\"><strong>4. Datenerfassung auf dieser Website <\/strong><\/span><strong style=\"color: #000000; font-size: 10pt;\">Cookies<\/strong><\/p>\n<p><span style=\"font-size: 10pt; color: #000000;\">Unsere Internetseiten verwenden so genannte \u201eCookies\u201c. Cookies sind kleine Datenpakete und richten auf<\/span><\/p>\n<p><span style=\"font-size: 10pt; color: #000000;\">Ihrem Endger\u00e4t keinen Schaden an. Sie werden entweder vor\u00fcbergehend f\u00fcr die Dauer einer Sitzung<\/span><\/p>\n<p><span style=\"font-size: 10pt; color: #000000;\">(Session-Cookies) oder dauerhaft (permanente Cookies) auf Ihrem Endger\u00e4t gespeichert. Session-Cookies<\/span><\/p>\n<p><span style=\"font-size: 10pt; color: #000000;\">werden nach Ende Ihres Besuchs automatisch gel\u00f6scht. Permanente Cookies bleiben auf Ihrem Endger\u00e4t<\/span><\/p>\n<p><span style=\"font-size: 10pt; color: #000000;\">gespeichert, bis Sie diese selbst l\u00f6schen oder eine automatische L\u00f6schung durch Ihren Webbrowser erfolgt.<\/span><\/p>\n<p><span style=\"font-size: 10pt; color: #000000;\">Cookies k\u00f6nnen von uns (First-Party-Cookies) oder von Drittunternehmen stammen (sog. Third-Party-<\/span><\/p>\n<p><span style=\"font-size: 10pt; color: #000000;\">Cookies). Third-Party-Cookies erm\u00f6glichen die Einbindung bestimmter Dienstleistungen von<\/span><\/p>\n<p><span style=\"font-size: 10pt; color: #000000;\">Drittunternehmen innerhalb von Webseiten (z. B. Cookies zur Abwicklung von Zahlungsdienstleistungen).<\/span><\/p>\n<p><span style=\"font-size: 10pt; color: #000000;\">Cookies haben verschiedene Funktionen. Zahlreiche Cookies sind technisch notwendig, da bestimmte<\/span><\/p>\n<p><span style=\"font-size: 10pt; color: #000000;\">Webseitenfunktionen ohne diese nicht funktionieren w\u00fcrden (z. B. die Warenkorbfunktion oder die Anzeige<\/span><\/p>\n<p><span style=\"font-size: 10pt; color: #000000;\">von Videos). Andere Cookies k\u00f6nnen zur Auswertung des Nutzerverhaltens oder zu Werbezwecken<\/span><\/p>\n<p><span style=\"font-size: 10pt; color: #000000;\">verwendet werden.<\/span><\/p>\n<p><span style=\"font-size: 10pt; color: #000000;\">Cookies, die zur Durchf\u00fchrung des elektronischen Kommunikationsvorgangs, zur Bereitstellung<\/span><\/p>\n<p><span style=\"font-size: 10pt; color: #000000;\">bestimmter, von Ihnen erw\u00fcnschter Funktionen (z. B. f\u00fcr die Warenkorbfunktion) oder zur Optimierung der<\/span><\/p>\n<p><span style=\"font-size: 10pt; color: #000000;\">Website (z. B. Cookies zur Messung des Webpublikums) erforderlich sind (notwendige Cookies), werden auf<\/span><\/p>\n<p><span style=\"font-size: 10pt; color: #000000;\">Grundlage von Art. 6 Abs. 1 lit. f DSGVO gespeichert, sofern keine andere Rechtsgrundlage angegeben wird.<\/span><\/p>\n<p><span style=\"font-size: 10pt; color: #000000;\">Der Websitebetreiber hat ein berechtigtes Interesse an der Speicherung von notwendigen Cookies zur<\/span><\/p>\n<p><span style=\"font-size: 10pt; color: #000000;\">technisch fehlerfreien und optimierten Bereitstellung seiner Dienste. Sofern eine Einwilligung zur<\/span><\/p>\n<p><span style=\"font-size: 10pt; color: #000000;\">Speicherung von Cookies und vergleichbaren Wiedererkennungstechnologien abgefragt wurde, erfolgt die<\/span><\/p>\n<p><span style=\"font-size: 10pt; color: #000000;\">Verarbeitung ausschlie\u00dflich auf Grundlage dieser Einwilligung (Art. 6 Abs. 1 lit. a DSGVO und \u00a7 25 Abs. 1<\/span><\/p>\n<p><span style=\"font-size: 10pt; color: #000000;\">TDDDG); die Einwilligung ist jederzeit widerrufbar.<\/span><\/p>\n<p><span style=\"font-size: 10pt; color: #000000;\">Sie k\u00f6nnen Ihren Browser so einstellen, dass Sie \u00fcber das Setzen von Cookies informiert werden und<\/span><\/p>\n<p><span style=\"font-size: 10pt; color: #000000;\">Cookies nur im Einzelfall erlauben, die Annahme von Cookies f\u00fcr bestimmte F\u00e4lle oder generell ausschlie\u00dfen<\/span><\/p>\n<p><span style=\"font-size: 10pt; color: #000000;\">sowie das automatische L\u00f6schen der Cookies beim Schlie\u00dfen des Browsers aktivieren. Bei der<\/span><\/p>\n<p><span style=\"font-size: 10pt; color: #000000;\">Deaktivierung von Cookies kann die Funktionalit\u00e4t dieser Website eingeschr\u00e4nkt sein.<\/span><\/p>\n<p><span style=\"font-size: 10pt; color: #000000;\">Welche Cookies und Dienste auf dieser Website eingesetzt werden, k\u00f6nnen Sie dieser<\/span><\/p>\n<p><span style=\"font-size: 10pt; color: #000000;\">Datenschutzerkl\u00e4rung entnehmen.<\/span><\/p>\n<p>&nbsp;<\/p>\n<p><span style=\"font-size: 10pt; color: #000000;\"><strong>Kontaktformular<\/strong><\/span><\/p>\n<p><span style=\"font-size: 10pt; color: #000000;\">Wenn Sie uns per Kontaktformular Anfragen zukommen lassen, werden Ihre Angaben aus dem<\/span><\/p>\n<p><span style=\"font-size: 10pt; color: #000000;\">Anfrageformular inklusive der von Ihnen dort angegebenen Kontaktdaten zwecks Bearbeitung der Anfrage<\/span><\/p>\n<p><span style=\"font-size: 10pt; color: #000000;\">und f\u00fcr den Fall von Anschlussfragen bei uns gespeichert. Diese Daten geben wir nicht ohne Ihre<\/span><\/p>\n<p><span style=\"font-size: 10pt; color: #000000;\">Einwilligung weiter.<\/span><\/p>\n<p><span style=\"font-size: 10pt; color: #000000;\">Die Verarbeitung dieser Daten erfolgt auf Grundlage von Art. 6 Abs. 1 lit. b DSGVO, sofern Ihre Anfrage mit<\/span><\/p>\n<p><span style=\"font-size: 10pt; color: #000000;\">der Erf\u00fcllung eines Vertrags zusammenh\u00e4ngt oder zur Durchf\u00fchrung vorvertraglicher Ma\u00dfnahmen<\/span><\/p>\n<p><span style=\"font-size: 10pt; color: #000000;\">erforderlich ist. In allen \u00fcbrigen F\u00e4llen beruht die Verarbeitung auf unserem berechtigten Interesse an der<\/span><\/p>\n<p><span style=\"font-size: 10pt; color: #000000;\">effektiven Bearbeitung der an uns gerichteten Anfragen (Art. 6 Abs. 1 lit. f DSGVO) oder auf Ihrer<\/span><\/p>\n<p><span style=\"font-size: 10pt; color: #000000;\">Einwilligung (Art. 6 Abs. 1 lit. a DSGVO) sofern diese abgefragt wurde; die Einwilligung ist jederzeit<\/span><\/p>\n<p><span style=\"font-size: 10pt; color: #000000;\">widerrufbar.<\/span><\/p>\n<p><span style=\"font-size: 10pt; color: #000000;\">Die von Ihnen im Kontaktformular eingegebenen Daten verbleiben bei uns, bis Sie uns zur L\u00f6schung<\/span><\/p>\n<p><span style=\"font-size: 10pt; color: #000000;\">auffordern, Ihre Einwilligung zur Speicherung widerrufen oder der Zweck f\u00fcr die Datenspeicherung entf\u00e4llt<\/span><\/p>\n<p><span style=\"font-size: 10pt; color: #000000;\">(z. B. nach abgeschlossener Bearbeitung Ihrer Anfrage). Zwingende gesetzliche Bestimmungen \u2013<\/span><\/p>\n<p><span style=\"font-size: 10pt; color: #000000;\">insbesondere Aufbewahrungsfristen \u2013 bleiben unber\u00fchrt.<\/span><\/p>\n<p>&nbsp;<\/p>\n<p><span style=\"font-size: 10pt; color: #000000;\"><strong>Anfrage per E-Mail, Telefon oder Telefax<\/strong><\/span><\/p>\n<p><span style=\"font-size: 10pt; color: #000000;\">Wenn Sie uns per E-Mail, Telefon oder Telefax kontaktieren, wird Ihre Anfrage inklusive aller daraus<\/span><\/p>\n<p><span style=\"font-size: 10pt; color: #000000;\">hervorgehenden personenbezogenen Daten (Name, Anfrage) zum Zwecke der Bearbeitung Ihres Anliegens<\/span><\/p>\n<p><span style=\"font-size: 10pt; color: #000000;\">bei uns gespeichert und verarbeitet. Diese Daten geben wir nicht ohne Ihre Einwilligung weiter.<\/span><\/p>\n<p><span style=\"font-size: 10pt; color: #000000;\">Die Verarbeitung dieser Daten erfolgt auf Grundlage von Art. 6 Abs. 1 lit. b DSGVO, sofern Ihre Anfrage mit<\/span><\/p>\n<p><span style=\"font-size: 10pt; color: #000000;\">der Erf\u00fcllung eines Vertrags zusammenh\u00e4ngt oder zur Durchf\u00fchrung vorvertraglicher Ma\u00dfnahmen<\/span><\/p>\n<p><span style=\"font-size: 10pt; color: #000000;\">erforderlich ist. In allen \u00fcbrigen F\u00e4llen beruht die Verarbeitung auf unserem berechtigten Interesse an der<\/span><\/p>\n<p><span style=\"font-size: 10pt; color: #000000;\">effektiven Bearbeitung der an uns gerichteten Anfragen (Art. 6 Abs. 1 lit. f DSGVO) oder auf Ihrer<\/span><\/p>\n<p><span style=\"font-size: 10pt; color: #000000;\">Einwilligung (Art. 6 Abs. 1 lit. a DSGVO) sofern diese abgefragt wurde; die Einwilligung ist jederzeit<\/span><\/p>\n<p><span style=\"font-size: 10pt; color: #000000;\">widerrufbar.<\/span><\/p>\n<p><span style=\"font-size: 10pt; color: #000000;\">Die von Ihnen an uns per Kontaktanfragen \u00fcbersandten Daten verbleiben bei uns, bis Sie uns zur L\u00f6schung<\/span><\/p>\n<p><span style=\"font-size: 10pt; color: #000000;\">auffordern, Ihre Einwilligung zur Speicherung widerrufen oder der Zweck f\u00fcr die Datenspeicherung entf\u00e4llt<\/span><\/p>\n<p><span style=\"font-size: 10pt; color: #000000;\">(z. B. nach abgeschlossener Bearbeitung Ihres Anliegens). Zwingende gesetzliche Bestimmungen \u2013<\/span><\/p>\n<p><span style=\"font-size: 10pt; color: #000000;\">insbesondere gesetzliche Aufbewahrungsfristen \u2013 bleiben unber\u00fchrt.<\/span><\/p>\n<p>&nbsp;<\/p>\n<p><span style=\"font-size: 10pt; color: #000000;\"><strong>5. Soziale Medien <\/strong><\/span><strong style=\"color: #000000; font-size: 10pt;\">Facebook<\/strong><\/p>\n<p><span style=\"font-size: 10pt; color: #000000;\">Auf dieser Website sind Elemente des sozialen Netzwerks Facebook integriert. Anbieter dieses Dienstes ist<\/span><\/p>\n<p><span style=\"font-size: 10pt; color: #000000;\">die Meta Platforms Ireland Limited, Merrion Road, Dublin 4, D04 X2K5, Irland. Die erfassten Daten werden<\/span><\/p>\n<p><span style=\"font-size: 10pt; color: #000000;\">nach Aussage von Facebook jedoch auch in die USA und in andere Drittl\u00e4nder \u00fcbertragen.<\/span><\/p>\n<p><span style=\"font-size: 10pt; color: #000000;\">Eine \u00dcbersicht \u00fcber die Facebook Social-Media-Elemente finden Sie hier:<\/span><\/p>\n<p><span style=\"font-size: 10pt; color: #000000;\">https:\/\/developers.facebook.com\/docs\/plugins\/?locale=de_DE.<\/span><\/p>\n<p><span style=\"font-size: 10pt; color: #000000;\">Wenn das Social-Media-Element aktiv ist, wird eine direkte Verbindung zwischen Ihrem Endger\u00e4t und dem<\/span><\/p>\n<p><span style=\"font-size: 10pt; color: #000000;\">Facebook-Server hergestellt. Facebook erh\u00e4lt dadurch die Information, dass Sie mit Ihrer IP-Adresse diese<\/span><\/p>\n<p><span style=\"font-size: 10pt; color: #000000;\">Website besucht haben. Wenn Sie den Facebook \u201eLike-Button\u201c anklicken, w\u00e4hrend Sie in Ihrem Facebook-<\/span><\/p>\n<p><span style=\"font-size: 10pt; color: #000000;\">Account eingeloggt sind, k\u00f6nnen Sie die Inhalte dieser Website auf Ihrem Facebook-Profil verlinken.<\/span><\/p>\n<p><span style=\"font-size: 10pt; color: #000000;\">Dadurch kann Facebook den Besuch dieser Website Ihrem Benutzerkonto zuordnen. Wir weisen darauf hin,<\/span><\/p>\n<p><span style=\"font-size: 10pt; color: #000000;\">dass wir als Anbieter der Seiten keine Kenntnis vom Inhalt der \u00fcbermittelten Daten sowie deren Nutzung<\/span><\/p>\n<p><span style=\"font-size: 10pt; color: #000000;\">durch Facebook erhalten. Weitere Informationen hierzu finden Sie in der Datenschutzerkl\u00e4rung von<\/span><\/p>\n<p><span style=\"font-size: 10pt; color: #000000;\">Facebook unter:<\/span><\/p>\n<p><span style=\"font-size: 10pt; color: #000000;\">https:\/\/de-de.facebook.com\/privacy\/explanation.<\/span><\/p>\n<p><span style=\"font-size: 10pt; color: #000000;\">Die Nutzung dieses Dienstes erfolgt auf Grundlage Ihrer Einwilligung nach Art. 6 Abs. 1 lit. a DSGVO und \u00a7<\/span><\/p>\n<p><span style=\"font-size: 10pt; color: #000000;\">25 Abs. 1 TDDDG. Die Einwilligung ist jederzeit widerrufbar.<\/span><\/p>\n<p><span style=\"font-size: 10pt; color: #000000;\">Soweit mit Hilfe des hier beschriebenen Tools personenbezogene Daten auf unserer Website erfasst und an<\/span><\/p>\n<p><span style=\"font-size: 10pt; color: #000000;\">Facebook weitergeleitet werden, sind wir und die Meta Platforms Ireland Limited, 4 Grand Canal Square,<\/span><\/p>\n<p><span style=\"font-size: 10pt; color: #000000;\">Grand Canal Harbour, Dublin 2, Irland gemeinsam f\u00fcr diese Datenverarbeitung verantwortlich (Art. 26<\/span><\/p>\n<p><span style=\"font-size: 10pt; color: #000000;\">DSGVO). Die gemeinsame Verantwortlichkeit beschr\u00e4nkt sich dabei ausschlie\u00dflich auf die Erfassung der<\/span><\/p>\n<p><span style=\"font-size: 10pt; color: #000000;\">Daten und deren Weitergabe an Facebook. Die nach der Weiterleitung erfolgende Verarbeitung durch<\/span><\/p>\n<p><span style=\"font-size: 10pt; color: #000000;\">Facebook ist nicht Teil der gemeinsamen Verantwortung. Die uns gemeinsam obliegenden Verpflichtungen<\/span><\/p>\n<p><span style=\"font-size: 10pt; color: #000000;\">wurden in einer Vereinbarung \u00fcber gemeinsame Verarbeitung festgehalten. Den Wortlaut der<\/span><\/p>\n<p><span style=\"font-size: 10pt; color: #000000;\">Vereinbarung finden Sie unter:<\/span><\/p>\n<p><span style=\"font-size: 10pt; color: #000000;\">https:\/\/www.facebook.com\/legal\/controller_addendum. Laut dieser Vereinbarung sind wir f\u00fcr die Erteilung<\/span><\/p>\n<p><span style=\"font-size: 10pt; color: #000000;\">der Datenschutzinformationen beim Einsatz des Facebook-Tools und f\u00fcr die datenschutzrechtlich sichere<\/span><\/p>\n<p><span style=\"font-size: 10pt; color: #000000;\">Implementierung des Tools auf unserer Website verantwortlich. F\u00fcr die Datensicherheit der Facebook-<\/span><\/p>\n<p><span style=\"font-size: 10pt; color: #000000;\">Produkte ist Facebook verantwortlich. Betroffenenrechte (z. B. Auskunftsersuchen) hinsichtlich der bei<\/span><\/p>\n<p><span style=\"font-size: 10pt; color: #000000;\">Facebook verarbeiteten Daten k\u00f6nnen Sie direkt bei Facebook geltend machen. Wenn Sie die<\/span><\/p>\n<p><span style=\"font-size: 10pt; color: #000000;\">Betroffenenrechte bei uns geltend machen, sind wir verpflichtet, diese an Facebook weiterzuleiten.<\/span><\/p>\n<p><span style=\"font-size: 10pt; color: #000000;\">Die Daten\u00fcbertragung in die USA wird auf die Standardvertragsklauseln der EU-Kommission gest\u00fctzt.<\/span><\/p>\n<p><span style=\"font-size: 10pt; color: #000000;\">Details finden Sie hier:<\/span><\/p>\n<p><span style=\"font-size: 10pt; color: #000000;\">https:\/\/www.facebook.com\/legal\/EU_data_transfer_addendum,<\/span><\/p>\n<p><span style=\"font-size: 10pt; color: #000000;\">https:\/\/de-de.facebook.com\/help\/566994660333381 und<\/span><\/p>\n<p><span style=\"font-size: 10pt; color: #000000;\">https:\/\/www.facebook.com\/policy.php.<\/span><\/p>\n<p><span style=\"font-size: 10pt; color: #000000;\">Das Unternehmen verf\u00fcgt \u00fcber eine Zertifizierung nach dem \u201eEU-US Data Privacy Framework\u201c (DPF). Der<\/span><\/p>\n<p><span style=\"font-size: 10pt; color: #000000;\">DPF ist ein \u00dcbereinkommen zwischen der Europ\u00e4ischen Union und den USA, der die Einhaltung<\/span><\/p>\n<p><span style=\"font-size: 10pt; color: #000000;\">europ\u00e4ischer Datenschutzstandards bei Datenverarbeitungen in den USA gew\u00e4hrleisten soll. Jedes nach<\/span><\/p>\n<p><span style=\"font-size: 10pt; color: #000000;\">dem DPF zertifizierte Unternehmen verpflichtet sich, diese Datenschutzstandards einzuhalten. Weitere<\/span><\/p>\n<p><span style=\"font-size: 10pt; color: #000000;\">Informationen hierzu erhalten Sie vom Anbieter unter folgendem Link:<\/span><\/p>\n<p><span style=\"font-size: 10pt; color: #000000;\">https:\/\/www.dataprivacyframework.gov\/s\/participant-search\/participantdetail?<\/span><\/p>\n<p><span style=\"font-size: 10pt; color: #000000;\">contact=true&amp;id=a2zt0000000GnywAAC&amp;status=Active.<\/span><\/p>\n<p>&nbsp;<\/p>\n<p><span style=\"font-size: 10pt; color: #000000;\"><strong>Instagram<\/strong><\/span><\/p>\n<p><span style=\"font-size: 10pt; color: #000000;\">Auf dieser Website sind Funktionen des Dienstes Instagram eingebunden. Diese Funktionen werden<\/span><\/p>\n<p><span style=\"font-size: 10pt; color: #000000;\">angeboten durch die Meta Platforms Ireland Limited, Merrion Road, Dublin 4, D04 X2K5, Irland.<\/span><\/p>\n<p><span style=\"font-size: 10pt; color: #000000;\">Wenn das Social-Media-Element aktiv ist, wird eine direkte Verbindung zwischen Ihrem Endger\u00e4t und dem<\/span><\/p>\n<p><span style=\"font-size: 10pt; color: #000000;\">Instagram-Server hergestellt. Instagram erh\u00e4lt dadurch Informationen \u00fcber den Besuch dieser Website<\/span><\/p>\n<p><span style=\"font-size: 10pt; color: #000000;\">durch Sie.<\/span><\/p>\n<p><span style=\"font-size: 10pt; color: #000000;\">Wenn Sie in Ihrem Instagram-Account eingeloggt sind, k\u00f6nnen Sie durch Anklicken des Instagram-Buttons<\/span><\/p>\n<p><span style=\"font-size: 10pt; color: #000000;\">die Inhalte dieser Website mit Ihrem Instagram-Profil verlinken. Dadurch kann Instagram den Besuch dieser<\/span><\/p>\n<p><span style=\"font-size: 10pt; color: #000000;\">Website Ihrem Benutzerkonto zuordnen. Wir weisen darauf hin, dass wir als Anbieter der Seiten keine<\/span><\/p>\n<p><span style=\"font-size: 10pt; color: #000000;\">Kenntnis vom Inhalt der \u00fcbermittelten Daten sowie deren Nutzung durch Instagram erhalten.<\/span><\/p>\n<p><span style=\"font-size: 10pt; color: #000000;\">Die Nutzung dieses Dienstes erfolgt auf Grundlage Ihrer Einwilligung nach Art. 6 Abs. 1 lit. a DSGVO und \u00a7<\/span><\/p>\n<p><span style=\"font-size: 10pt; color: #000000;\">25 Abs. 1 TDDDG. Die Einwilligung ist jederzeit widerrufbar.<\/span><\/p>\n<p><span style=\"font-size: 10pt; color: #000000;\">Soweit mit Hilfe des hier beschriebenen Tools personenbezogene Daten auf unserer Website erfasst und an<\/span><\/p>\n<p><span style=\"font-size: 10pt; color: #000000;\">Facebook bzw. Instagram weitergeleitet werden, sind wir und die Meta Platforms Ireland Limited, 4 Grand<\/span><\/p>\n<p><span style=\"font-size: 10pt; color: #000000;\">Canal Square, Grand Canal Harbour, Dublin 2, Irland gemeinsam f\u00fcr diese Datenverarbeitung<\/span><\/p>\n<p><span style=\"font-size: 10pt; color: #000000;\">verantwortlich (Art. 26 DSGVO). Die gemeinsame Verantwortlichkeit beschr\u00e4nkt sich dabei ausschlie\u00dflich<\/span><\/p>\n<p><span style=\"font-size: 10pt; color: #000000;\">auf die Erfassung der Daten und deren Weitergabe an Facebook bzw. Instagram. Die nach der Weiterleitung<\/span><\/p>\n<p><span style=\"font-size: 10pt; color: #000000;\">erfolgende Verarbeitung durch Facebook bzw. Instagram ist nicht Teil der gemeinsamen Verantwortung.<\/span><\/p>\n<p><span style=\"font-size: 10pt; color: #000000;\">Die uns gemeinsam obliegenden Verpflichtungen wurden in einer Vereinbarung \u00fcber gemeinsame<\/span><\/p>\n<p><span style=\"font-size: 10pt; color: #000000;\">Verarbeitung festgehalten. Den Wortlaut der Vereinbarung finden Sie unter:<\/span><\/p>\n<p><span style=\"font-size: 10pt; color: #000000;\">https:\/\/www.facebook.com\/legal\/controller_addendum. Laut dieser Vereinbarung sind wir f\u00fcr die Erteilung<\/span><\/p>\n<p><span style=\"font-size: 10pt; color: #000000;\">der Datenschutzinformationen beim Einsatz des Facebook- bzw. Instagram-Tools und f\u00fcr die<\/span><\/p>\n<p><span style=\"font-size: 10pt; color: #000000;\">datenschutzrechtlich sichere Implementierung des Tools auf unserer Website verantwortlich. F\u00fcr die<\/span><\/p>\n<p><span style=\"font-size: 10pt; color: #000000;\">Datensicherheit der Facebook bzw. Instagram-Produkte ist Facebook verantwortlich. Betroffenenrechte<\/span><\/p>\n<p><span style=\"font-size: 10pt; color: #000000;\">(z. B. Auskunftsersuchen) hinsichtlich der bei Facebook bzw. Instagram verarbeiteten Daten k\u00f6nnen Sie<\/span><\/p>\n<p><span style=\"font-size: 10pt; color: #000000;\">direkt bei Facebook geltend machen. Wenn Sie die Betroffenenrechte bei uns geltend machen, sind wir<\/span><\/p>\n<p><span style=\"font-size: 10pt; color: #000000;\">verpflichtet, diese an Facebook weiterzuleiten.<\/span><\/p>\n<p><span style=\"font-size: 10pt; color: #000000;\">Die Daten\u00fcbertragung in die USA wird auf die Standardvertragsklauseln der EU-Kommission gest\u00fctzt.<\/span><\/p>\n<p><span style=\"font-size: 10pt; color: #000000;\">Details finden Sie hier:<\/span><\/p>\n<p><span style=\"font-size: 10pt; color: #000000;\">https:\/\/www.facebook.com\/legal\/EU_data_transfer_addendum,<\/span><\/p>\n<p><span style=\"font-size: 10pt; color: #000000;\">https:\/\/privacycenter.instagram.com\/policy\/ und<\/span><\/p>\n<p><span style=\"font-size: 10pt; color: #000000;\">https:\/\/de-de.facebook.com\/help\/566994660333381.<\/span><\/p>\n<p><span style=\"font-size: 10pt; color: #000000;\">Weitere Informationen hierzu finden Sie in der Datenschutzerkl\u00e4rung von Instagram:<\/span><\/p>\n<p><span style=\"font-size: 10pt; color: #000000;\">https:\/\/privacycenter.instagram.com\/policy\/.<\/span><\/p>\n<p><span style=\"font-size: 10pt; color: #000000;\">Das Unternehmen verf\u00fcgt \u00fcber eine Zertifizierung nach dem \u201eEU-US Data Privacy Framework\u201c (DPF). Der<\/span><\/p>\n<p><span style=\"font-size: 10pt; color: #000000;\">DPF ist ein \u00dcbereinkommen zwischen der Europ\u00e4ischen Union und den USA, der die Einhaltung<\/span><\/p>\n<p><span style=\"font-size: 10pt; color: #000000;\">europ\u00e4ischer Datenschutzstandards bei Datenverarbeitungen in den USA gew\u00e4hrleisten soll. Jedes nach<\/span><\/p>\n<p><span style=\"font-size: 10pt; color: #000000;\">dem DPF zertifizierte Unternehmen verpflichtet sich, diese Datenschutzstandards einzuhalten. Weitere<\/span><\/p>\n<p><span style=\"font-size: 10pt; color: #000000;\">Informationen hierzu erhalten Sie vom Anbieter unter folgendem Link:<\/span><\/p>\n<p><span style=\"font-size: 10pt; color: #000000;\">https:\/\/www.dataprivacyframework.gov\/s\/participant-search\/participantdetail?<\/span><\/p>\n<p><span style=\"font-size: 10pt; color: #000000;\">contact=true&amp;id=a2zt0000000GnywAAC&amp;status=Active.<\/span><\/p>\n<p>&nbsp;<\/p>\n<p><strong style=\"color: #000000; font-size: 10pt;\">Plugins und Tools <\/strong><span style=\"font-size: 10pt; color: #000000;\"><strong>Google Maps<\/strong><\/span><\/p>\n<p><span style=\"font-size: 10pt; color: #000000;\">Diese Seite nutzt den Kartendienst Google Maps. Anbieter ist die Google Ireland Limited (\u201eGoogle\u201c), Gordon<\/span><\/p>\n<p><span style=\"font-size: 10pt; color: #000000;\">House, Barrow Street, Dublin 4, Irland. Mit Hilfe dieses Dienstes k\u00f6nnen wir Kartenmaterial auf unserer<\/span><\/p>\n<p><span style=\"font-size: 10pt; color: #000000;\">Website einbinden.<\/span><\/p>\n<p><span style=\"font-size: 10pt; color: #000000;\">Zur Nutzung der Funktionen von Google Maps ist es notwendig, Ihre IP-Adresse zu speichern. Diese<\/span><\/p>\n<p><span style=\"font-size: 10pt; color: #000000;\">Informationen werden in der Regel an einen Server von Google in den USA \u00fcbertragen und dort gespeichert.<\/span><\/p>\n<p><span style=\"font-size: 10pt; color: #000000;\">Der Anbieter dieser Seite hat keinen Einfluss auf diese Daten\u00fcbertragung. Wenn Google Maps aktiviert ist,<\/span><\/p>\n<p><span style=\"font-size: 10pt; color: #000000;\">kann Google zum Zwecke der einheitlichen Darstellung der Schriftarten Google Fonts verwenden. Beim<\/span><\/p>\n<p><span style=\"font-size: 10pt; color: #000000;\">Aufruf von Google Maps l\u00e4dt Ihr Browser die ben\u00f6tigten Web Fonts in ihren Browsercache, um Texte und<\/span><\/p>\n<p><span style=\"font-size: 10pt; color: #000000;\">Schriftarten korrekt anzuzeigen.<\/span><\/p>\n<p><span style=\"font-size: 10pt; color: #000000;\">Die Nutzung von Google Maps erfolgt im Interesse einer ansprechenden Darstellung unserer Online-<\/span><\/p>\n<p><span style=\"font-size: 10pt; color: #000000;\">Angebote und an einer leichten Auffindbarkeit der von uns auf der Website angegebenen Orte. Dies stellt<\/span><\/p>\n<p><span style=\"font-size: 10pt; color: #000000;\">ein berechtigtes Interesse im Sinne von Art. 6 Abs. 1 lit. f DSGVO dar. Sofern eine entsprechende<\/span><\/p>\n<p><span style=\"font-size: 10pt; color: #000000;\">Einwilligung abgefragt wurde, erfolgt die Verarbeitung ausschlie\u00dflich auf Grundlage von Art. 6 Abs. 1 lit. a<\/span><\/p>\n<p><span style=\"font-size: 10pt; color: #000000;\">DSGVO und \u00a7 25 Abs. 1 TDDDG, soweit die Einwilligung die Speicherung von Cookies oder den Zugriff auf<\/span><\/p>\n<p><span style=\"font-size: 10pt; color: #000000;\">Informationen im Endger\u00e4t des Nutzers (z. B. Device-Fingerprinting) im Sinne des TDDDG umfasst. Die<\/span><\/p>\n<p><span style=\"font-size: 10pt; color: #000000;\">Einwilligung ist jederzeit widerrufbar.<\/span><\/p>\n<p><span style=\"font-size: 10pt; color: #000000;\">Die Daten\u00fcbertragung in die USA wird auf die Standardvertragsklauseln der EU-Kommission gest\u00fctzt.<\/span><\/p>\n<p><span style=\"font-size: 10pt; color: #000000;\">Details finden Sie hier:<\/span><\/p>\n<p><span style=\"font-size: 10pt; color: #000000;\">https:\/\/privacy.google.com\/businesses\/gdprcontrollerterms\/ und<\/span><\/p>\n<p><span style=\"font-size: 10pt; color: #000000;\">https:\/\/privacy.google.com\/businesses\/gdprcontrollerterms\/sccs\/.<\/span><\/p>\n<p><span style=\"font-size: 10pt; color: #000000;\">Mehr Informationen zum Umgang mit Nutzerdaten finden Sie in der Datenschutzerkl\u00e4rung von Google:<\/span><\/p>\n<p><span style=\"font-size: 10pt; color: #000000;\">https:\/\/policies.google.com\/privacy?hl=de.<\/span><\/p>\n<p><span style=\"font-size: 10pt; color: #000000;\">Das Unternehmen verf\u00fcgt \u00fcber eine Zertifizierung nach dem \u201eEU-US Data Privacy Framework\u201c (DPF). Der<\/span><\/p>\n<p><span style=\"font-size: 10pt; color: #000000;\">DPF ist ein \u00dcbereinkommen zwischen der Europ\u00e4ischen Union und den USA, der die Einhaltung<\/span><\/p>\n<p><span style=\"font-size: 10pt; color: #000000;\">europ\u00e4ischer Datenschutzstandards bei Datenverarbeitungen in den USA gew\u00e4hrleisten soll. Jedes nach<\/span><\/p>\n<p><span style=\"font-size: 10pt; color: #000000;\">dem DPF zertifizierte Unternehmen verpflichtet sich, diese Datenschutzstandards einzuhalten. Weitere<\/span><\/p>\n<p><span style=\"font-size: 10pt; color: #000000;\">Informationen hierzu erhalten Sie vom Anbieter unter folgendem Link:<\/span><\/p>\n<p><span style=\"font-size: 10pt; color: #000000;\">https:\/\/www.dataprivacyframework.gov\/participant\/5780.<\/span><\/p>\n<p><span style=\"font-size: 10pt; color: #000000;\"><strong>Google reCAPTCHA<\/strong><\/span><\/p>\n<p><span style=\"font-size: 10pt; color: #000000;\">Wir nutzen \u201eGoogle reCAPTCHA\u201c (im Folgenden \u201ereCAPTCHA\u201c) auf dieser Website. Anbieter ist die Google<\/span><\/p>\n<p><span style=\"font-size: 10pt; color: #000000;\">Ireland Limited (\u201eGoogle\u201c), Gordon House, Barrow Street, Dublin 4, Irland.<\/span><\/p>\n<p><span style=\"font-size: 10pt; color: #000000;\">Mit reCAPTCHA soll \u00fcberpr\u00fcft werden, ob die Dateneingabe auf dieser Website (z. B. in einem<\/span><\/p>\n<p><span style=\"font-size: 10pt; color: #000000;\">Kontaktformular) durch einen Menschen oder durch ein automatisiertes Programm erfolgt. Hierzu<\/span><\/p>\n<p><span style=\"font-size: 10pt; color: #000000;\">analysiert reCAPTCHA das Verhalten des Websitebesuchers anhand verschiedener Merkmale. Diese<\/span><\/p>\n<p><span style=\"font-size: 10pt; color: #000000;\">Analyse beginnt automatisch, sobald der Websitebesucher die Website betritt. Zur Analyse wertet<\/span><\/p>\n<p><span style=\"font-size: 10pt; color: #000000;\">reCAPTCHA verschiedene Informationen aus (z. B. IP-Adresse, Verweildauer des Websitebesuchers auf der<\/span><\/p>\n<p><span style=\"font-size: 10pt; color: #000000;\">Website oder vom Nutzer get\u00e4tigte Mausbewegungen). Die bei der Analyse erfassten Daten werden an<\/span><\/p>\n<p><span style=\"font-size: 10pt; color: #000000;\">Google weitergeleitet.<\/span><\/p>\n<p><span style=\"font-size: 10pt; color: #000000;\">Die reCAPTCHA-Analysen laufen vollst\u00e4ndig im Hintergrund. Websitebesucher werden nicht darauf<\/span><\/p>\n<p><span style=\"font-size: 10pt; color: #000000;\">hingewiesen, dass eine Analyse stattfindet.<\/span><\/p>\n<p><span style=\"font-size: 10pt; color: #000000;\">Die Speicherung und Analyse der Daten erfolgt auf Grundlage von Art. 6 Abs. 1 lit. f DSGVO. Der<\/span><\/p>\n<p><span style=\"font-size: 10pt; color: #000000;\">Websitebetreiber hat ein berechtigtes Interesse daran, seine Webangebote vor missbr\u00e4uchlicher<\/span><\/p>\n<p><span style=\"font-size: 10pt; color: #000000;\">automatisierter Aussp\u00e4hung und vor SPAM zu sch\u00fctzen. Sofern eine entsprechende Einwilligung abgefragt<\/span><\/p>\n<p><span style=\"font-size: 10pt; color: #000000;\">wurde, erfolgt die Verarbeitung ausschlie\u00dflich auf Grundlage von Art. 6 Abs. 1 lit. a DSGVO und \u00a7 25 Abs. 1<\/span><\/p>\n<p><span style=\"font-size: 10pt; color: #000000;\">TDDDG, soweit die Einwilligung die Speicherung von Cookies oder den Zugriff auf Informationen im<\/span><\/p>\n<p><span style=\"font-size: 10pt; color: #000000;\">Endger\u00e4t des Nutzers (z. B. Device-Fingerprinting) im Sinne des TDDDG umfasst. Die Einwilligung ist<\/span><\/p>\n<p><span style=\"font-size: 10pt; color: #000000;\">jederzeit widerrufbar.<\/span><\/p>\n<p><span style=\"font-size: 10pt; color: #000000;\">Weitere Informationen zu Google reCAPTCHA entnehmen Sie den Google-Datenschutzbestimmungen und<\/span><\/p>\n<p><span style=\"font-size: 10pt; color: #000000;\">den Google Nutzungsbedingungen unter folgenden Links:<\/span><\/p>\n<p><span style=\"font-size: 10pt; color: #000000;\">https:\/\/policies.google.com\/privacy?hl=de und<\/span><\/p>\n<p><span style=\"font-size: 10pt; color: #000000;\">https:\/\/policies.google.com\/terms?hl=de.<\/span><\/p>\n<p><span style=\"font-size: 10pt; color: #000000;\">Das Unternehmen verf\u00fcgt \u00fcber eine Zertifizierung nach dem \u201eEU-US Data Privacy Framework\u201c (DPF). Der<\/span><\/p>\n<p><span style=\"font-size: 10pt; color: #000000;\">DPF ist ein \u00dcbereinkommen zwischen der Europ\u00e4ischen Union und den USA, der die Einhaltung<\/span><\/p>\n<p><span style=\"font-size: 10pt; color: #000000;\">europ\u00e4ischer Datenschutzstandards bei Datenverarbeitungen in den USA gew\u00e4hrleisten soll. Jedes nach<\/span><\/p>\n<p><span style=\"font-size: 10pt; color: #000000;\">dem DPF zertifizierte Unternehmen verpflichtet sich, diese Datenschutzstandards einzuhalten. Weitere<\/span><\/p>\n<p><span style=\"font-size: 10pt; color: #000000;\">Informationen hierzu erhalten Sie vom Anbieter unter folgendem Link:<\/span><\/p>\n<p><span style=\"font-size: 10pt; color: #000000;\">https:\/\/www.dataprivacyframework.gov\/participant\/5780.<\/span><\/p>\n<p><span style=\"font-size: 10pt; color: #000000;\">Quelle:<\/span><\/p>\n<p><span style=\"font-size: 10pt; color: #000000;\">https:\/\/www.e-recht24.de<\/span><\/p>\n<p>&nbsp;<\/p>\n","protected":false},"excerpt":{"rendered":"<p>Datenschutzerkl\u00e4rung 1. Datenschutz auf einen Blick Allgemeine Hinweise Die folgenden Hinweise geben einen einfachen \u00dcberblick dar\u00fcber, was mit Ihren personenbezogenen <a href=\"https:\/\/naehatelier-haase.ch\/wp\/datenschutzerklaerung\/\" class=\"more-link\">Weiter lesen&#8230;<\/a><\/p>\n","protected":false},"author":1,"featured_media":0,"parent":0,"menu_order":0,"comment_status":"closed","ping_status":"closed","template":"","meta":{"footnotes":""},"class_list":["post-4686","page","type-page","status-publish","hentry"],"yoast_head":"<!-- This site is optimized with the Yoast SEO plugin v28.3 - https:\/\/yoast.com\/product\/yoast-seo-wordpress\/ -->\n<title>Datenschutzerkl\u00e4rung - N\u00e4hatelier Haase GmbH Kriens<\/title>\n<meta name=\"robots\" content=\"index, follow, max-snippet:-1, max-image-preview:large, max-video-preview:-1\" \/>\n<link rel=\"canonical\" href=\"https:\/\/naehatelier-haase.ch\/wp\/datenschutzerklaerung\/\" \/>\n<meta property=\"og:locale\" content=\"de_DE\" \/>\n<meta property=\"og:type\" content=\"article\" \/>\n<meta property=\"og:title\" content=\"Datenschutzerkl\u00e4rung - N\u00e4hatelier Haase GmbH Kriens\" \/>\n<meta property=\"og:description\" content=\"Datenschutzerkl\u00e4rung 1. Datenschutz auf einen Blick Allgemeine Hinweise Die folgenden Hinweise geben einen einfachen \u00dcberblick dar\u00fcber, was mit Ihren personenbezogenen Weiter lesen...\" \/>\n<meta property=\"og:url\" content=\"https:\/\/naehatelier-haase.ch\/wp\/datenschutzerklaerung\/\" \/>\n<meta property=\"og:site_name\" content=\"N\u00e4hatelier Haase GmbH Kriens\" \/>\n<meta property=\"article:modified_time\" content=\"2024-07-08T09:57:39+00:00\" \/>\n<meta name=\"twitter:card\" content=\"summary_large_image\" \/>\n<meta name=\"twitter:label1\" content=\"Gesch\u00e4tzte Lesezeit\" \/>\n\t<meta name=\"twitter:data1\" content=\"23\u00a0Minuten\" \/>\n<script type=\"application\/ld+json\" class=\"yoast-schema-graph\">{\"@context\":\"https:\\\/\\\/schema.org\",\"@graph\":[{\"@type\":\"WebPage\",\"@id\":\"https:\\\/\\\/naehatelier-haase.ch\\\/wp\\\/datenschutzerklaerung\\\/\",\"url\":\"https:\\\/\\\/naehatelier-haase.ch\\\/wp\\\/datenschutzerklaerung\\\/\",\"name\":\"Datenschutzerkl\u00e4rung - N\u00e4hatelier Haase GmbH Kriens\",\"isPartOf\":{\"@id\":\"https:\\\/\\\/naehatelier-haase.ch\\\/wp\\\/#website\"},\"datePublished\":\"2024-07-08T08:30:00+00:00\",\"dateModified\":\"2024-07-08T09:57:39+00:00\",\"breadcrumb\":{\"@id\":\"https:\\\/\\\/naehatelier-haase.ch\\\/wp\\\/datenschutzerklaerung\\\/#breadcrumb\"},\"inLanguage\":\"de\",\"potentialAction\":[{\"@type\":\"ReadAction\",\"target\":[\"https:\\\/\\\/naehatelier-haase.ch\\\/wp\\\/datenschutzerklaerung\\\/\"]}]},{\"@type\":\"BreadcrumbList\",\"@id\":\"https:\\\/\\\/naehatelier-haase.ch\\\/wp\\\/datenschutzerklaerung\\\/#breadcrumb\",\"itemListElement\":[{\"@type\":\"ListItem\",\"position\":1,\"name\":\"Startseite\",\"item\":\"https:\\\/\\\/naehatelier-haase.ch\\\/wp\\\/\"},{\"@type\":\"ListItem\",\"position\":2,\"name\":\"Datenschutzerkl\u00e4rung\"}]},{\"@type\":\"WebSite\",\"@id\":\"https:\\\/\\\/naehatelier-haase.ch\\\/wp\\\/#website\",\"url\":\"https:\\\/\\\/naehatelier-haase.ch\\\/wp\\\/\",\"name\":\"N\u00e4hatelier Haase GmbH\",\"description\":\"\",\"publisher\":{\"@id\":\"https:\\\/\\\/naehatelier-haase.ch\\\/wp\\\/#organization\"},\"potentialAction\":[{\"@type\":\"SearchAction\",\"target\":{\"@type\":\"EntryPoint\",\"urlTemplate\":\"https:\\\/\\\/naehatelier-haase.ch\\\/wp\\\/?s={search_term_string}\"},\"query-input\":{\"@type\":\"PropertyValueSpecification\",\"valueRequired\":true,\"valueName\":\"search_term_string\"}}],\"inLanguage\":\"de\"},{\"@type\":\"Organization\",\"@id\":\"https:\\\/\\\/naehatelier-haase.ch\\\/wp\\\/#organization\",\"name\":\"N\u00e4hatelier Haase GmbH\",\"url\":\"https:\\\/\\\/naehatelier-haase.ch\\\/wp\\\/\",\"logo\":{\"@type\":\"ImageObject\",\"inLanguage\":\"de\",\"@id\":\"https:\\\/\\\/naehatelier-haase.ch\\\/wp\\\/#\\\/schema\\\/logo\\\/image\\\/\",\"url\":\"https:\\\/\\\/naehatelier-haase.ch\\\/wp\\\/wp-content\\\/uploads\\\/2017\\\/02\\\/Logo-klein.png\",\"contentUrl\":\"https:\\\/\\\/naehatelier-haase.ch\\\/wp\\\/wp-content\\\/uploads\\\/2017\\\/02\\\/Logo-klein.png\",\"width\":314,\"height\":139,\"caption\":\"N\u00e4hatelier Haase GmbH\"},\"image\":{\"@id\":\"https:\\\/\\\/naehatelier-haase.ch\\\/wp\\\/#\\\/schema\\\/logo\\\/image\\\/\"}}]}<\/script>\n<!-- \/ Yoast SEO plugin. -->","yoast_head_json":{"title":"Datenschutzerkl\u00e4rung - N\u00e4hatelier Haase GmbH Kriens","robots":{"index":"index","follow":"follow","max-snippet":"max-snippet:-1","max-image-preview":"max-image-preview:large","max-video-preview":"max-video-preview:-1"},"canonical":"https:\/\/naehatelier-haase.ch\/wp\/datenschutzerklaerung\/","og_locale":"de_DE","og_type":"article","og_title":"Datenschutzerkl\u00e4rung - N\u00e4hatelier Haase GmbH Kriens","og_description":"Datenschutzerkl\u00e4rung 1. Datenschutz auf einen Blick Allgemeine Hinweise Die folgenden Hinweise geben einen einfachen \u00dcberblick dar\u00fcber, was mit Ihren personenbezogenen Weiter lesen...","og_url":"https:\/\/naehatelier-haase.ch\/wp\/datenschutzerklaerung\/","og_site_name":"N\u00e4hatelier Haase GmbH Kriens","article_modified_time":"2024-07-08T09:57:39+00:00","twitter_card":"summary_large_image","twitter_misc":{"Gesch\u00e4tzte Lesezeit":"23\u00a0Minuten"},"schema":{"@context":"https:\/\/schema.org","@graph":[{"@type":"WebPage","@id":"https:\/\/naehatelier-haase.ch\/wp\/datenschutzerklaerung\/","url":"https:\/\/naehatelier-haase.ch\/wp\/datenschutzerklaerung\/","name":"Datenschutzerkl\u00e4rung - N\u00e4hatelier Haase GmbH Kriens","isPartOf":{"@id":"https:\/\/naehatelier-haase.ch\/wp\/#website"},"datePublished":"2024-07-08T08:30:00+00:00","dateModified":"2024-07-08T09:57:39+00:00","breadcrumb":{"@id":"https:\/\/naehatelier-haase.ch\/wp\/datenschutzerklaerung\/#breadcrumb"},"inLanguage":"de","potentialAction":[{"@type":"ReadAction","target":["https:\/\/naehatelier-haase.ch\/wp\/datenschutzerklaerung\/"]}]},{"@type":"BreadcrumbList","@id":"https:\/\/naehatelier-haase.ch\/wp\/datenschutzerklaerung\/#breadcrumb","itemListElement":[{"@type":"ListItem","position":1,"name":"Startseite","item":"https:\/\/naehatelier-haase.ch\/wp\/"},{"@type":"ListItem","position":2,"name":"Datenschutzerkl\u00e4rung"}]},{"@type":"WebSite","@id":"https:\/\/naehatelier-haase.ch\/wp\/#website","url":"https:\/\/naehatelier-haase.ch\/wp\/","name":"N\u00e4hatelier Haase GmbH","description":"","publisher":{"@id":"https:\/\/naehatelier-haase.ch\/wp\/#organization"},"potentialAction":[{"@type":"SearchAction","target":{"@type":"EntryPoint","urlTemplate":"https:\/\/naehatelier-haase.ch\/wp\/?s={search_term_string}"},"query-input":{"@type":"PropertyValueSpecification","valueRequired":true,"valueName":"search_term_string"}}],"inLanguage":"de"},{"@type":"Organization","@id":"https:\/\/naehatelier-haase.ch\/wp\/#organization","name":"N\u00e4hatelier Haase GmbH","url":"https:\/\/naehatelier-haase.ch\/wp\/","logo":{"@type":"ImageObject","inLanguage":"de","@id":"https:\/\/naehatelier-haase.ch\/wp\/#\/schema\/logo\/image\/","url":"https:\/\/naehatelier-haase.ch\/wp\/wp-content\/uploads\/2017\/02\/Logo-klein.png","contentUrl":"https:\/\/naehatelier-haase.ch\/wp\/wp-content\/uploads\/2017\/02\/Logo-klein.png","width":314,"height":139,"caption":"N\u00e4hatelier Haase GmbH"},"image":{"@id":"https:\/\/naehatelier-haase.ch\/wp\/#\/schema\/logo\/image\/"}}]}},"jetpack_sharing_enabled":true,"_links":{"self":[{"href":"https:\/\/naehatelier-haase.ch\/wp\/wp-json\/wp\/v2\/pages\/4686","targetHints":{"allow":["GET"]}}],"collection":[{"href":"https:\/\/naehatelier-haase.ch\/wp\/wp-json\/wp\/v2\/pages"}],"about":[{"href":"https:\/\/naehatelier-haase.ch\/wp\/wp-json\/wp\/v2\/types\/page"}],"author":[{"embeddable":true,"href":"https:\/\/naehatelier-haase.ch\/wp\/wp-json\/wp\/v2\/users\/1"}],"replies":[{"embeddable":true,"href":"https:\/\/naehatelier-haase.ch\/wp\/wp-json\/wp\/v2\/comments?post=4686"}],"version-history":[{"count":11,"href":"https:\/\/naehatelier-haase.ch\/wp\/wp-json\/wp\/v2\/pages\/4686\/revisions"}],"predecessor-version":[{"id":4708,"href":"https:\/\/naehatelier-haase.ch\/wp\/wp-json\/wp\/v2\/pages\/4686\/revisions\/4708"}],"wp:attachment":[{"href":"https:\/\/naehatelier-haase.ch\/wp\/wp-json\/wp\/v2\/media?parent=4686"}],"curies":[{"name":"wp","href":"https:\/\/api.w.org\/{rel}","templated":true}]}}